{"version":"1.0","provider_name":"*** 2011 H\u00daSV\u00c9T ***","provider_url":"https:\/\/husvet.cafeblog.hu","author_name":"Elk\u00e9stem","author_url":"https:\/\/husvet.cafeblog.hu\/author\/elkestem\/","title":"Nagyp\u00e9ntek","html":"<span style=\"font-size: 18px;\"><\/span><span style=\"color: rgb(51, 51, 51);\"><span style=\"font-size: 18px;\"><span style=\"color: rgb(51, 51, 0);\"><span style=\"font-family: Times New Roman;\">Nagyp\u00e9ntek J\u00e9zus kereszthal\u00e1l\u00e1nak \u00e9s s\u00edrban nyugv\u00e1s\u00e1nak eml\u00e9knapja. Az els\u0151 kereszt\u00e9nyek nagyp\u00e9nteket \u00e9s nagyszombatot liturgia n\u00e9lk\u00fcli \u00fcnnepk\u00e9nt tartott\u00e1k eg\u00e9sz napos szigor\u00fa b\u00f6jt\u00f6l\u00e9sben<\/span><\/span><span style=\"font-family: Times New Roman;\">.<\/span><br><\/span><\/span><img style=\"width: 119px; height: 163px;\" src=\"https:\/\/husvet.cafeblog.hu\/files\/k_kereszthalal.jpg\" class=\"blogkep\" align=\"left\"><br><span style=\"color: rgb(153, 102, 0); font-style: italic;\"><span style=\"font-size: 18px; font-family: Times New Roman;\">Csak a 4. sz\u00e1zadban alakultak ki nagyp\u00e9ntek k\u00fcl\u00f6nf\u00e9le istentiszteleti form\u00e1i eucharisztikus \u00fcnnepl\u00e9s n\u00e9lk\u00fcl. Jeruzs\u00e1lemben e napon im\u00e1dkozva vonultak az utols\u00f3 vacsora term\u00e9t\u0151l a k\u00e1lv\u00e1ri\u00e1ig, ahol a p\u00fcsp\u00f6k tiszteletad\u00e1sra felmutatta a szent kereszt erekly\u00e9j\u00e9t. Ut\u00e1na szent\u00edr\u00e1si r\u00e9szleteket olvastak fel \u00e9s a paps\u00e1g kisebb csoportoknak mondott besz\u00e9det.<\/span><\/span><br style=\"font-style: italic;\"><br style=\"font-style: italic;\"><span style=\"color: rgb(153, 102, 0); font-size: 18px; font-style: italic; font-family: Times New Roman;\">R\u00f3m\u00e1ban a 7. sz\u00e1zadt\u00f3l kezdve olvast\u00e1k J\u00e1nos evang\u00e9lium\u00e1b\u00f3l J\u00e9zus szenved\u00e9st\u00f6rt\u00e9net\u00e9t. A 8. sz\u00e1zadban a p\u00e1pa kez\u00e9ben a t\u00f6mj\u00e9nez\u0151vel haladt a szent kereszt erekly\u00e9je el\u0151tt, majd a kereszth\u00f3dolat ut\u00e1n igeliturgia k\u00f6vetkezett. Szent\u00e1ldoz\u00e1s nem volt, a 12. sz\u00e1zadt\u00f3l csak a szertart\u00e1st v\u00e9gz\u0151 pap \u00e1ldozott. XII. Piusz p\u00e1pa 1955-ben enged\u00e9lyezte ism\u00e9t az \u00e1ldoz\u00e1st, a nagyh\u00e9t meg\u00faj\u00edt\u00e1s\u00e1val.<\/span><br style=\"font-style: italic;\"><br><span style=\"font-size: 18px;\"><span style=\"color: rgb(153, 102, 0); font-family: Times New Roman;\">A nagyp\u00e9nteki szertart\u00e1s id\u0151pontja az \u0151skereszt\u00e9ny kort\u00f3l a<\/span><\/span><img style=\"width: 114px; height: 156px;\" src=\"https:\/\/husvet.cafeblog.hu\/files\/OOj1.jpg\" class=\"blogkep\" align=\"right\"><span style=\"font-size: 18px;\"><span style=\"color: rgb(153, 102, 0); font-family: Times New Roman;\"> k\u00f6z\u00e9pkorig az \u00dar hal\u00e1l\u00e1nak \u00f3r\u00e1j\u00e1hoz, d\u00e9lut\u00e1n 3 \u00f3r\u00e1hoz igazodott. Ez k\u00e9s\u0151bb \u00e1tker\u00fclt a d\u00e9lel\u0151tti \u00f3r\u00e1kba, \u00edgy a nagyp\u00e9nteki liturgia is d\u00e9lel\u0151ttre ker\u00fclt. XII. Pius p\u00e1pa reformja \u00e1ll\u00edtotta vissza a d\u00e9lut\u00e1ni \u00fcnnepl\u00e9st, amelynek ma h\u00e1rom f\u0151 r\u00e9sze van: igeliturgia olvasm\u00e1nyokkal \u00e9s egyetemes k\u00f6ny\u00f6rg\u00e9sekkel; h\u00f3dolat a szent kereszt el\u0151tt; \u00e1ldoz\u00e1si szertart\u00e1s.<\/span><\/span><br><br><span style=\"font-size: 18px; color: rgb(153, 102, 0);\"><span style=\"font-family: Times New Roman;\">Sok helyen szok\u00e1s a szents\u00edr \u00e1ll\u00edt\u00e1sa. Nagyp\u00e9nteken a templomban vagy a k\u00e1lv\u00e1ri\u00e1n kereszt\u00fati \u00e1jtatoss\u00e1gon vesznek r\u00e9szt a h\u00edvek. Ezen a napon h\u00fastilalom \u00e9s szigor\u00fa b\u00f6jt van.<\/span><br><\/span><div style=\"text-align: center;\"><span style=\"font-size: 18px; color: rgb(153, 102, 0);\"><\/span><br><span style=\"font-size: 18px; color: rgb(153, 102, 0);\"><\/span><\/div><div style=\"text-align: center;\"><img style=\"width: 422px; height: 49px;\" src=\"https:\/\/husvet.cafeblog.hu\/files\/evh1.gif\" class=\"blogkep\"><br><\/div><span style=\"font-size: 18px;\"><\/span>","type":"rich"}